{"id":1074,"date":"2019-01-11T09:03:30","date_gmt":"2019-01-11T11:03:30","guid":{"rendered":"http:\/\/em2producoes.com.br\/novo\/wordpress\/?post_type=casting&amp;p=1074"},"modified":"2019-01-11T09:03:30","modified_gmt":"2019-01-11T11:03:30","slug":"prof-gretz","status":"publish","type":"casting","link":"https:\/\/www.em2producoes.com.br\/site\/casting\/prof-gretz\/","title":{"rendered":"Prof. Gretz"},"content":{"rendered":"<p style=\"text-align: justify;\">Conferencista em todo o Brasil e no Exterior, realizando semin\u00e1rios em grandes empresas e eventos fechados. J\u00e1 fez mais de 5.000 palestras nos \u00faltimos 30 anos. J\u00e1 foi assistido ao vivo por mais de um milh\u00e3o de pessoas, sem contar os espectadores de seus v\u00eddeos e os leitores de seus livros que j\u00e1 ultrapassam a marca de 250 mil exemplares. Al\u00e9m de viajar incessantemente por todos os estados do Brasil, apresenta palestras tamb\u00e9m em eventos internacionais, como a IV ExpoBusiness (Nagoya, Jap\u00e3o, 2007) e a I ExpoBusiness Am\u00e9rica (Boston, EUA, 2011).<\/p>\n<p style=\"text-align: justify;\">Citado em pesquisa especial da revista Exame como um dos dez palestrantes mais contratados pelas empresas brasileiras.<\/p>\n<p style=\"text-align: justify;\">Pentacampe\u00e3o do pr\u00eamio TOP OF MIND DE RH, na categoria Palestrante do Ano, em 2004, 2010, 2011, 2012 e 2014 \u2013 como o palestrante mais lembrado do Brasil, com os votos de milhares de profissionais de RH.<\/p>\n<p style=\"text-align: justify;\">Desde 2003, faz parte do ranking TOP-5, por ser um dos cinco palestrantes mais lembrados pelos profissionais de RH de todo o Brasil, nas indica\u00e7\u00f5es para o pr\u00eamio Top of Mind, todos os anos em que essa importante premia\u00e7\u00e3o tem sido promovida, inclusive em 2014.<\/p>\n<p style=\"text-align: justify;\">\u00c9 autor de 14 livros de sucesso. Produziu seis DVDs que refor\u00e7am os temas de suas palestras: Como a Qualidade de Vida pode se tornar um diferencial competitivo; \u00c9 \u00d3bvio; Qualidade de Vida nas empresas; Superando limites; Superdicas do Prof. Gretz; Voando como a \u00e1guia;<\/p>\n<p style=\"text-align: justify;\">Atualmente dirige sua pr\u00f3pria empresa especializada em Programas de: Produtividade e Qualidade; Excel\u00eancia de Servi\u00e7os atrav\u00e9s das pessoas; Programas Participativos e Motivacionais; Programas Espec\u00edficos para \u00e1rea comercial (vendas); Total Qualidade de Servi\u00e7os e Controle Total de Qualidade; Energiza\u00e7\u00e3o e Entusiasmo e Qualidade de Vida<\/p>\n<p style=\"text-align: justify;\">Atualmente realiza as Palestras em Eventos e Empresas tratando de temas como Qualidade de Vida, Vendas, Motiva\u00e7\u00e3o, Supera\u00e7\u00e3o. Caso seja necess\u00e1rio adaptamos a Palestra e adequamos ao briefing do cliente.<\/p>\n","protected":false},"excerpt":{"rendered":"<p>Administrador de Empresas, exerceu cargos de lideran\u00e7a na Volkswagen do Brasil e assessorou a diretoria em Programas Motivacionais para a Qualidade. Foi tamb\u00e9m diretor de Recursos Humanos em outras empresas.<\/p>\n","protected":false},"author":2,"featured_media":1075,"template":"","cat_casting":[95,63,64,100,85],"acf":[],"yoast_head":"<!-- This site is optimized with the Yoast SEO plugin v19.6.1 - https:\/\/yoast.com\/wordpress\/plugins\/seo\/ -->\n<title>Prof. Gretz - EM2 Produ\u00e7\u00f5es<\/title>\n<meta name=\"robots\" content=\"index, follow, max-snippet:-1, max-image-preview:large, max-video-preview:-1\" \/>\n<link rel=\"canonical\" href=\"https:\/\/www.em2producoes.com.br\/site\/casting\/prof-gretz\/\" \/>\n<meta property=\"og:locale\" content=\"pt_BR\" \/>\n<meta property=\"og:type\" content=\"article\" \/>\n<meta property=\"og:title\" content=\"Prof. Gretz - EM2 Produ\u00e7\u00f5es\" \/>\n<meta property=\"og:description\" content=\"Administrador de Empresas, exerceu cargos de lideran\u00e7a na Volkswagen do Brasil e assessorou a diretoria em Programas Motivacionais para a Qualidade. Foi tamb\u00e9m diretor de Recursos Humanos em outras empresas.\" \/>\n<meta property=\"og:url\" content=\"https:\/\/www.em2producoes.com.br\/site\/casting\/prof-gretz\/\" \/>\n<meta property=\"og:site_name\" content=\"EM2 Produ\u00e7\u00f5es\" \/>\n<meta property=\"article:publisher\" content=\"https:\/\/www.facebook.com\/em2producoes\/\" \/>\n<meta property=\"og:image\" content=\"https:\/\/www.em2producoes.com.br\/site\/wp-content\/uploads\/2019\/01\/gretz.jpg\" \/>\n\t<meta property=\"og:image:width\" content=\"300\" \/>\n\t<meta property=\"og:image:height\" content=\"300\" \/>\n\t<meta property=\"og:image:type\" content=\"image\/jpeg\" \/>\n<meta name=\"twitter:card\" content=\"summary_large_image\" \/>\n<meta name=\"twitter:label1\" content=\"Est. tempo de leitura\" \/>\n\t<meta name=\"twitter:data1\" content=\"2 minutos\" \/>\n<script type=\"application\/ld+json\" class=\"yoast-schema-graph\">{\"@context\":\"https:\/\/schema.org\",\"@graph\":[{\"@type\":\"WebPage\",\"@id\":\"https:\/\/www.em2producoes.com.br\/site\/casting\/prof-gretz\/\",\"url\":\"https:\/\/www.em2producoes.com.br\/site\/casting\/prof-gretz\/\",\"name\":\"Prof. Gretz - EM2 Produ\u00e7\u00f5es\",\"isPartOf\":{\"@id\":\"https:\/\/www.em2producoes.com.br\/site\/#website\"},\"datePublished\":\"2019-01-11T11:03:30+00:00\",\"dateModified\":\"2019-01-11T11:03:30+00:00\",\"breadcrumb\":{\"@id\":\"https:\/\/www.em2producoes.com.br\/site\/casting\/prof-gretz\/#breadcrumb\"},\"inLanguage\":\"pt-BR\",\"potentialAction\":[{\"@type\":\"ReadAction\",\"target\":[\"https:\/\/www.em2producoes.com.br\/site\/casting\/prof-gretz\/\"]}]},{\"@type\":\"BreadcrumbList\",\"@id\":\"https:\/\/www.em2producoes.com.br\/site\/casting\/prof-gretz\/#breadcrumb\",\"itemListElement\":[{\"@type\":\"ListItem\",\"position\":1,\"name\":\"In\u00edcio\",\"item\":\"https:\/\/www.em2producoes.com.br\/site\/\"},{\"@type\":\"ListItem\",\"position\":2,\"name\":\"Casting\",\"item\":\"https:\/\/www.em2producoes.com.br\/site\/casting\/\"},{\"@type\":\"ListItem\",\"position\":3,\"name\":\"Prof. Gretz\"}]},{\"@type\":\"WebSite\",\"@id\":\"https:\/\/www.em2producoes.com.br\/site\/#website\",\"url\":\"https:\/\/www.em2producoes.com.br\/site\/\",\"name\":\"EM2 Produ\u00e7\u00f5es\",\"description\":\"Ativando &amp; Conectando Marcas e Talentos\",\"publisher\":{\"@id\":\"https:\/\/www.em2producoes.com.br\/site\/#organization\"},\"potentialAction\":[{\"@type\":\"SearchAction\",\"target\":{\"@type\":\"EntryPoint\",\"urlTemplate\":\"https:\/\/www.em2producoes.com.br\/site\/?s={search_term_string}\"},\"query-input\":\"required name=search_term_string\"}],\"inLanguage\":\"pt-BR\"},{\"@type\":\"Organization\",\"@id\":\"https:\/\/www.em2producoes.com.br\/site\/#organization\",\"name\":\"EM2 Produ\u00e7\u00f5es\",\"url\":\"https:\/\/www.em2producoes.com.br\/site\/\",\"sameAs\":[\"https:\/\/www.instagram.com\/em2producoes\/\",\"https:\/\/www.youtube.com\/channel\/UCGLxUPhqHfr6zp3izS5GdWg\",\"https:\/\/www.facebook.com\/em2producoes\/\"],\"logo\":{\"@type\":\"ImageObject\",\"inLanguage\":\"pt-BR\",\"@id\":\"https:\/\/www.em2producoes.com.br\/site\/#\/schema\/logo\/image\/\",\"url\":\"http:\/\/www.em2producoes.com.br\/site\/wp-content\/uploads\/2021\/05\/logotipo-big.jpg\",\"contentUrl\":\"http:\/\/www.em2producoes.com.br\/site\/wp-content\/uploads\/2021\/05\/logotipo-big.jpg\",\"width\":710,\"height\":310,\"caption\":\"EM2 Produ\u00e7\u00f5es\"},\"image\":{\"@id\":\"https:\/\/www.em2producoes.com.br\/site\/#\/schema\/logo\/image\/\"}}]}<\/script>\n<!-- \/ Yoast SEO plugin. -->","yoast_head_json":{"title":"Prof. Gretz - EM2 Produ\u00e7\u00f5es","robots":{"index":"index","follow":"follow","max-snippet":"max-snippet:-1","max-image-preview":"max-image-preview:large","max-video-preview":"max-video-preview:-1"},"canonical":"https:\/\/www.em2producoes.com.br\/site\/casting\/prof-gretz\/","og_locale":"pt_BR","og_type":"article","og_title":"Prof. Gretz - EM2 Produ\u00e7\u00f5es","og_description":"Administrador de Empresas, exerceu cargos de lideran\u00e7a na Volkswagen do Brasil e assessorou a diretoria em Programas Motivacionais para a Qualidade. Foi tamb\u00e9m diretor de Recursos Humanos em outras empresas.","og_url":"https:\/\/www.em2producoes.com.br\/site\/casting\/prof-gretz\/","og_site_name":"EM2 Produ\u00e7\u00f5es","article_publisher":"https:\/\/www.facebook.com\/em2producoes\/","og_image":[{"width":300,"height":300,"url":"https:\/\/www.em2producoes.com.br\/site\/wp-content\/uploads\/2019\/01\/gretz.jpg","type":"image\/jpeg"}],"twitter_card":"summary_large_image","twitter_misc":{"Est. tempo de leitura":"2 minutos"},"schema":{"@context":"https:\/\/schema.org","@graph":[{"@type":"WebPage","@id":"https:\/\/www.em2producoes.com.br\/site\/casting\/prof-gretz\/","url":"https:\/\/www.em2producoes.com.br\/site\/casting\/prof-gretz\/","name":"Prof. Gretz - EM2 Produ\u00e7\u00f5es","isPartOf":{"@id":"https:\/\/www.em2producoes.com.br\/site\/#website"},"datePublished":"2019-01-11T11:03:30+00:00","dateModified":"2019-01-11T11:03:30+00:00","breadcrumb":{"@id":"https:\/\/www.em2producoes.com.br\/site\/casting\/prof-gretz\/#breadcrumb"},"inLanguage":"pt-BR","potentialAction":[{"@type":"ReadAction","target":["https:\/\/www.em2producoes.com.br\/site\/casting\/prof-gretz\/"]}]},{"@type":"BreadcrumbList","@id":"https:\/\/www.em2producoes.com.br\/site\/casting\/prof-gretz\/#breadcrumb","itemListElement":[{"@type":"ListItem","position":1,"name":"In\u00edcio","item":"https:\/\/www.em2producoes.com.br\/site\/"},{"@type":"ListItem","position":2,"name":"Casting","item":"https:\/\/www.em2producoes.com.br\/site\/casting\/"},{"@type":"ListItem","position":3,"name":"Prof. Gretz"}]},{"@type":"WebSite","@id":"https:\/\/www.em2producoes.com.br\/site\/#website","url":"https:\/\/www.em2producoes.com.br\/site\/","name":"EM2 Produ\u00e7\u00f5es","description":"Ativando &amp; Conectando Marcas e Talentos","publisher":{"@id":"https:\/\/www.em2producoes.com.br\/site\/#organization"},"potentialAction":[{"@type":"SearchAction","target":{"@type":"EntryPoint","urlTemplate":"https:\/\/www.em2producoes.com.br\/site\/?s={search_term_string}"},"query-input":"required name=search_term_string"}],"inLanguage":"pt-BR"},{"@type":"Organization","@id":"https:\/\/www.em2producoes.com.br\/site\/#organization","name":"EM2 Produ\u00e7\u00f5es","url":"https:\/\/www.em2producoes.com.br\/site\/","sameAs":["https:\/\/www.instagram.com\/em2producoes\/","https:\/\/www.youtube.com\/channel\/UCGLxUPhqHfr6zp3izS5GdWg","https:\/\/www.facebook.com\/em2producoes\/"],"logo":{"@type":"ImageObject","inLanguage":"pt-BR","@id":"https:\/\/www.em2producoes.com.br\/site\/#\/schema\/logo\/image\/","url":"http:\/\/www.em2producoes.com.br\/site\/wp-content\/uploads\/2021\/05\/logotipo-big.jpg","contentUrl":"http:\/\/www.em2producoes.com.br\/site\/wp-content\/uploads\/2021\/05\/logotipo-big.jpg","width":710,"height":310,"caption":"EM2 Produ\u00e7\u00f5es"},"image":{"@id":"https:\/\/www.em2producoes.com.br\/site\/#\/schema\/logo\/image\/"}}]}},"_links":{"self":[{"href":"https:\/\/www.em2producoes.com.br\/site\/wp-json\/wp\/v2\/casting\/1074"}],"collection":[{"href":"https:\/\/www.em2producoes.com.br\/site\/wp-json\/wp\/v2\/casting"}],"about":[{"href":"https:\/\/www.em2producoes.com.br\/site\/wp-json\/wp\/v2\/types\/casting"}],"author":[{"embeddable":true,"href":"https:\/\/www.em2producoes.com.br\/site\/wp-json\/wp\/v2\/users\/2"}],"version-history":[{"count":0,"href":"https:\/\/www.em2producoes.com.br\/site\/wp-json\/wp\/v2\/casting\/1074\/revisions"}],"wp:featuredmedia":[{"embeddable":true,"href":"https:\/\/www.em2producoes.com.br\/site\/wp-json\/wp\/v2\/media\/1075"}],"wp:attachment":[{"href":"https:\/\/www.em2producoes.com.br\/site\/wp-json\/wp\/v2\/media?parent=1074"}],"wp:term":[{"taxonomy":"cat_casting","embeddable":true,"href":"https:\/\/www.em2producoes.com.br\/site\/wp-json\/wp\/v2\/cat_casting?post=1074"}],"curies":[{"name":"wp","href":"https:\/\/api.w.org\/{rel}","templated":true}]}}