{"id":1182,"date":"2019-01-17T09:39:22","date_gmt":"2019-01-17T11:39:22","guid":{"rendered":"http:\/\/em2producoes.com.br\/novo\/wordpress\/?post_type=casting&amp;p=1182"},"modified":"2019-01-17T09:39:22","modified_gmt":"2019-01-17T11:39:22","slug":"miriam-leitao","status":"publish","type":"casting","link":"https:\/\/www.em2producoes.com.br\/site\/casting\/miriam-leitao\/","title":{"rendered":"Miriam Leit\u00e3o"},"content":{"rendered":"<p style=\"text-align: justify;\">Em S\u00e3o Paulo, j\u00e1 no in\u00edcio dos anos 80, trabalhou na Editoria de Brasil da Veja e foi rep\u00f3rter e entrevistadora da Abril V\u00eddeo. Jornalista das Organiza\u00e7\u00f5es Globo, desde 1991, onde assina coluna di\u00e1ria no O Globo, que \u00e9 republicada em diversos jornais do pa\u00eds. Sempre atenta aos acontecimentos econ\u00f4micos nacionais, ela \u00e9 comentarista em v\u00e1rios programas de not\u00edcias, entre outros, Espa\u00e7o Aberto na Globonews, na R\u00e1dio CBN (onde faz dois coment\u00e1rios di\u00e1rios), no telejornal Bom Dia Brasil e no Globo Online. Considerada uma das maiores e mais respeitadas jornalistas brasileiras, Miriam Leit\u00e3o trata em suas palestras de temas sobre o cen\u00e1rio atual e perspectivas relacionadas ao governo, pol\u00edtica e economia.<\/p>\n<p style=\"text-align: justify;\">Com talento, bom humor e muita din\u00e2mica, as palestras de Miriam Leit\u00e3o trazem um tom esclarecedor para assuntos tidos como \u00e1ridos e complexos. Aborda temas atuais para tra\u00e7ar um panorama sobre as perspectivas economias do pa\u00eds. Fala tamb\u00e9m sobre a conjuntura pol\u00edtica brasileira, al\u00e9m de fazer um resgate sobre os principais problemas enfrentados nas \u00faltimas d\u00e9cadas e seus reflexos na atualidade. Suas viagens por mais de vinte pa\u00edses, como Mo\u00e7ambique, Angola, R\u00fassia, Ar\u00e1bia Saudita e Estados Unidos, al\u00e9m de quase todos da Am\u00e9rica Latina, fez com que Miriam adquirisse experi\u00eancia para falar com propriedade sobre assuntos relacionados a pol\u00edtica e economia, tanto brasileira quanto internacional.<\/p>\n<p style=\"text-align: justify;\">Atualmente realiza as Palestras em Eventos e Empresas tratando de temas com foco em Economia, Pol\u00edtica, Cultura e Sociedade. Caso seja necess\u00e1rio adaptamos a Palestra e adequamos ao briefing do cliente.<\/p>\n","protected":false},"excerpt":{"rendered":"<p>Come\u00e7ou a trabalhar em jornais e r\u00e1dios no Esp\u00edrito Santo no in\u00edcio dos anos 70, em 1977, foi para Bras\u00edlia onde atuou durante cinco anos como rep\u00f3rter de assuntos diplom\u00e1ticos da Gazeta Mercantil.<\/p>\n","protected":false},"author":2,"featured_media":1183,"template":"","cat_casting":[83,64],"acf":[],"yoast_head":"<!-- This site is optimized with the Yoast SEO plugin v19.6.1 - https:\/\/yoast.com\/wordpress\/plugins\/seo\/ -->\n<title>Miriam Leit\u00e3o - EM2 Produ\u00e7\u00f5es<\/title>\n<meta name=\"robots\" content=\"index, follow, max-snippet:-1, max-image-preview:large, max-video-preview:-1\" \/>\n<link rel=\"canonical\" href=\"https:\/\/www.em2producoes.com.br\/site\/casting\/miriam-leitao\/\" \/>\n<meta property=\"og:locale\" content=\"pt_BR\" \/>\n<meta property=\"og:type\" content=\"article\" \/>\n<meta property=\"og:title\" content=\"Miriam Leit\u00e3o - EM2 Produ\u00e7\u00f5es\" \/>\n<meta property=\"og:description\" content=\"Come\u00e7ou a trabalhar em jornais e r\u00e1dios no Esp\u00edrito Santo no in\u00edcio dos anos 70, em 1977, foi para Bras\u00edlia onde atuou durante cinco anos como rep\u00f3rter de assuntos diplom\u00e1ticos da Gazeta Mercantil.\" \/>\n<meta property=\"og:url\" content=\"https:\/\/www.em2producoes.com.br\/site\/casting\/miriam-leitao\/\" \/>\n<meta property=\"og:site_name\" content=\"EM2 Produ\u00e7\u00f5es\" \/>\n<meta property=\"article:publisher\" content=\"https:\/\/www.facebook.com\/em2producoes\/\" \/>\n<meta property=\"og:image\" content=\"https:\/\/www.em2producoes.com.br\/site\/wp-content\/uploads\/2019\/01\/Miriam-Leitao-300.jpg\" \/>\n\t<meta property=\"og:image:width\" content=\"300\" \/>\n\t<meta property=\"og:image:height\" content=\"300\" \/>\n\t<meta property=\"og:image:type\" content=\"image\/jpeg\" \/>\n<meta name=\"twitter:card\" content=\"summary_large_image\" \/>\n<meta name=\"twitter:label1\" content=\"Est. tempo de leitura\" \/>\n\t<meta name=\"twitter:data1\" content=\"1 minuto\" \/>\n<script type=\"application\/ld+json\" class=\"yoast-schema-graph\">{\"@context\":\"https:\/\/schema.org\",\"@graph\":[{\"@type\":\"WebPage\",\"@id\":\"https:\/\/www.em2producoes.com.br\/site\/casting\/miriam-leitao\/\",\"url\":\"https:\/\/www.em2producoes.com.br\/site\/casting\/miriam-leitao\/\",\"name\":\"Miriam Leit\u00e3o - EM2 Produ\u00e7\u00f5es\",\"isPartOf\":{\"@id\":\"https:\/\/www.em2producoes.com.br\/site\/#website\"},\"datePublished\":\"2019-01-17T11:39:22+00:00\",\"dateModified\":\"2019-01-17T11:39:22+00:00\",\"breadcrumb\":{\"@id\":\"https:\/\/www.em2producoes.com.br\/site\/casting\/miriam-leitao\/#breadcrumb\"},\"inLanguage\":\"pt-BR\",\"potentialAction\":[{\"@type\":\"ReadAction\",\"target\":[\"https:\/\/www.em2producoes.com.br\/site\/casting\/miriam-leitao\/\"]}]},{\"@type\":\"BreadcrumbList\",\"@id\":\"https:\/\/www.em2producoes.com.br\/site\/casting\/miriam-leitao\/#breadcrumb\",\"itemListElement\":[{\"@type\":\"ListItem\",\"position\":1,\"name\":\"In\u00edcio\",\"item\":\"https:\/\/www.em2producoes.com.br\/site\/\"},{\"@type\":\"ListItem\",\"position\":2,\"name\":\"Casting\",\"item\":\"https:\/\/www.em2producoes.com.br\/site\/casting\/\"},{\"@type\":\"ListItem\",\"position\":3,\"name\":\"Miriam Leit\u00e3o\"}]},{\"@type\":\"WebSite\",\"@id\":\"https:\/\/www.em2producoes.com.br\/site\/#website\",\"url\":\"https:\/\/www.em2producoes.com.br\/site\/\",\"name\":\"EM2 Produ\u00e7\u00f5es\",\"description\":\"Ativando &amp; Conectando Marcas e Talentos\",\"publisher\":{\"@id\":\"https:\/\/www.em2producoes.com.br\/site\/#organization\"},\"potentialAction\":[{\"@type\":\"SearchAction\",\"target\":{\"@type\":\"EntryPoint\",\"urlTemplate\":\"https:\/\/www.em2producoes.com.br\/site\/?s={search_term_string}\"},\"query-input\":\"required name=search_term_string\"}],\"inLanguage\":\"pt-BR\"},{\"@type\":\"Organization\",\"@id\":\"https:\/\/www.em2producoes.com.br\/site\/#organization\",\"name\":\"EM2 Produ\u00e7\u00f5es\",\"url\":\"https:\/\/www.em2producoes.com.br\/site\/\",\"sameAs\":[\"https:\/\/www.instagram.com\/em2producoes\/\",\"https:\/\/www.youtube.com\/channel\/UCGLxUPhqHfr6zp3izS5GdWg\",\"https:\/\/www.facebook.com\/em2producoes\/\"],\"logo\":{\"@type\":\"ImageObject\",\"inLanguage\":\"pt-BR\",\"@id\":\"https:\/\/www.em2producoes.com.br\/site\/#\/schema\/logo\/image\/\",\"url\":\"http:\/\/www.em2producoes.com.br\/site\/wp-content\/uploads\/2021\/05\/logotipo-big.jpg\",\"contentUrl\":\"http:\/\/www.em2producoes.com.br\/site\/wp-content\/uploads\/2021\/05\/logotipo-big.jpg\",\"width\":710,\"height\":310,\"caption\":\"EM2 Produ\u00e7\u00f5es\"},\"image\":{\"@id\":\"https:\/\/www.em2producoes.com.br\/site\/#\/schema\/logo\/image\/\"}}]}<\/script>\n<!-- \/ Yoast SEO plugin. -->","yoast_head_json":{"title":"Miriam Leit\u00e3o - EM2 Produ\u00e7\u00f5es","robots":{"index":"index","follow":"follow","max-snippet":"max-snippet:-1","max-image-preview":"max-image-preview:large","max-video-preview":"max-video-preview:-1"},"canonical":"https:\/\/www.em2producoes.com.br\/site\/casting\/miriam-leitao\/","og_locale":"pt_BR","og_type":"article","og_title":"Miriam Leit\u00e3o - EM2 Produ\u00e7\u00f5es","og_description":"Come\u00e7ou a trabalhar em jornais e r\u00e1dios no Esp\u00edrito Santo no in\u00edcio dos anos 70, em 1977, foi para Bras\u00edlia onde atuou durante cinco anos como rep\u00f3rter de assuntos diplom\u00e1ticos da Gazeta Mercantil.","og_url":"https:\/\/www.em2producoes.com.br\/site\/casting\/miriam-leitao\/","og_site_name":"EM2 Produ\u00e7\u00f5es","article_publisher":"https:\/\/www.facebook.com\/em2producoes\/","og_image":[{"width":300,"height":300,"url":"https:\/\/www.em2producoes.com.br\/site\/wp-content\/uploads\/2019\/01\/Miriam-Leitao-300.jpg","type":"image\/jpeg"}],"twitter_card":"summary_large_image","twitter_misc":{"Est. tempo de leitura":"1 minuto"},"schema":{"@context":"https:\/\/schema.org","@graph":[{"@type":"WebPage","@id":"https:\/\/www.em2producoes.com.br\/site\/casting\/miriam-leitao\/","url":"https:\/\/www.em2producoes.com.br\/site\/casting\/miriam-leitao\/","name":"Miriam Leit\u00e3o - EM2 Produ\u00e7\u00f5es","isPartOf":{"@id":"https:\/\/www.em2producoes.com.br\/site\/#website"},"datePublished":"2019-01-17T11:39:22+00:00","dateModified":"2019-01-17T11:39:22+00:00","breadcrumb":{"@id":"https:\/\/www.em2producoes.com.br\/site\/casting\/miriam-leitao\/#breadcrumb"},"inLanguage":"pt-BR","potentialAction":[{"@type":"ReadAction","target":["https:\/\/www.em2producoes.com.br\/site\/casting\/miriam-leitao\/"]}]},{"@type":"BreadcrumbList","@id":"https:\/\/www.em2producoes.com.br\/site\/casting\/miriam-leitao\/#breadcrumb","itemListElement":[{"@type":"ListItem","position":1,"name":"In\u00edcio","item":"https:\/\/www.em2producoes.com.br\/site\/"},{"@type":"ListItem","position":2,"name":"Casting","item":"https:\/\/www.em2producoes.com.br\/site\/casting\/"},{"@type":"ListItem","position":3,"name":"Miriam Leit\u00e3o"}]},{"@type":"WebSite","@id":"https:\/\/www.em2producoes.com.br\/site\/#website","url":"https:\/\/www.em2producoes.com.br\/site\/","name":"EM2 Produ\u00e7\u00f5es","description":"Ativando &amp; Conectando Marcas e Talentos","publisher":{"@id":"https:\/\/www.em2producoes.com.br\/site\/#organization"},"potentialAction":[{"@type":"SearchAction","target":{"@type":"EntryPoint","urlTemplate":"https:\/\/www.em2producoes.com.br\/site\/?s={search_term_string}"},"query-input":"required name=search_term_string"}],"inLanguage":"pt-BR"},{"@type":"Organization","@id":"https:\/\/www.em2producoes.com.br\/site\/#organization","name":"EM2 Produ\u00e7\u00f5es","url":"https:\/\/www.em2producoes.com.br\/site\/","sameAs":["https:\/\/www.instagram.com\/em2producoes\/","https:\/\/www.youtube.com\/channel\/UCGLxUPhqHfr6zp3izS5GdWg","https:\/\/www.facebook.com\/em2producoes\/"],"logo":{"@type":"ImageObject","inLanguage":"pt-BR","@id":"https:\/\/www.em2producoes.com.br\/site\/#\/schema\/logo\/image\/","url":"http:\/\/www.em2producoes.com.br\/site\/wp-content\/uploads\/2021\/05\/logotipo-big.jpg","contentUrl":"http:\/\/www.em2producoes.com.br\/site\/wp-content\/uploads\/2021\/05\/logotipo-big.jpg","width":710,"height":310,"caption":"EM2 Produ\u00e7\u00f5es"},"image":{"@id":"https:\/\/www.em2producoes.com.br\/site\/#\/schema\/logo\/image\/"}}]}},"_links":{"self":[{"href":"https:\/\/www.em2producoes.com.br\/site\/wp-json\/wp\/v2\/casting\/1182"}],"collection":[{"href":"https:\/\/www.em2producoes.com.br\/site\/wp-json\/wp\/v2\/casting"}],"about":[{"href":"https:\/\/www.em2producoes.com.br\/site\/wp-json\/wp\/v2\/types\/casting"}],"author":[{"embeddable":true,"href":"https:\/\/www.em2producoes.com.br\/site\/wp-json\/wp\/v2\/users\/2"}],"version-history":[{"count":0,"href":"https:\/\/www.em2producoes.com.br\/site\/wp-json\/wp\/v2\/casting\/1182\/revisions"}],"wp:featuredmedia":[{"embeddable":true,"href":"https:\/\/www.em2producoes.com.br\/site\/wp-json\/wp\/v2\/media\/1183"}],"wp:attachment":[{"href":"https:\/\/www.em2producoes.com.br\/site\/wp-json\/wp\/v2\/media?parent=1182"}],"wp:term":[{"taxonomy":"cat_casting","embeddable":true,"href":"https:\/\/www.em2producoes.com.br\/site\/wp-json\/wp\/v2\/cat_casting?post=1182"}],"curies":[{"name":"wp","href":"https:\/\/api.w.org\/{rel}","templated":true}]}}