{"id":1264,"date":"2019-01-17T16:47:49","date_gmt":"2019-01-17T18:47:49","guid":{"rendered":"http:\/\/em2producoes.com.br\/novo\/wordpress\/?post_type=casting&amp;p=1264"},"modified":"2019-01-17T16:47:49","modified_gmt":"2019-01-17T18:47:49","slug":"prof-sergio-nogueira","status":"publish","type":"casting","link":"https:\/\/www.em2producoes.com.br\/site\/casting\/prof-sergio-nogueira\/","title":{"rendered":"Prof. S\u00e9rgio Nogueira"},"content":{"rendered":"<p>Utiliza humor e fatos cotidianos para\u00a0ensinar o uso da norma culta do portugu\u00eas brasileiro. Com isso, ganhou espa\u00e7o e destaque nos\u00a0principais ve\u00edculos de comunica\u00e7\u00e3o do Brasil.<br \/>\nAtualmente, \u00e9 instrutor e consultor de portugu\u00eas do jornalismo da TV Globo, Globo News, SporTV,\u00a0Globosat, jornais O Globo, Extra e Expresso, do Sistema Globo de R\u00e1dio (R\u00e1dio Globo e CBN), da\u00a0Globo.com Faz parte da bancada do programa SOLETRANDO do Luciano Hulk.<\/p>\n","protected":false},"excerpt":{"rendered":"<p>S\u00e9rgio Nogueira Duarte da Silva \u00e9 um professor brasileiro de l\u00edngua portuguesa. \u00c9 formado em Letras pela Universidade Federal do Rio Grande do Sul (UFRGS), com mestrado em l\u00edngua portuguesa pela Pontif\u00edcia Universidade Cat\u00f3lica do Rio de Janeiro (PUC-Rio), e tem mais de 30 anos de experi\u00eancia em sala de aula.<\/p>\n","protected":false},"author":2,"featured_media":1265,"template":"","cat_casting":[67,64],"acf":[],"yoast_head":"<!-- This site is optimized with the Yoast SEO plugin v19.6.1 - https:\/\/yoast.com\/wordpress\/plugins\/seo\/ -->\n<title>Prof. S\u00e9rgio Nogueira - EM2 Produ\u00e7\u00f5es<\/title>\n<meta name=\"robots\" content=\"index, follow, max-snippet:-1, max-image-preview:large, max-video-preview:-1\" \/>\n<link rel=\"canonical\" href=\"https:\/\/www.em2producoes.com.br\/site\/casting\/prof-sergio-nogueira\/\" \/>\n<meta property=\"og:locale\" content=\"pt_BR\" \/>\n<meta property=\"og:type\" content=\"article\" \/>\n<meta property=\"og:title\" content=\"Prof. S\u00e9rgio Nogueira - EM2 Produ\u00e7\u00f5es\" \/>\n<meta property=\"og:description\" content=\"S\u00e9rgio Nogueira Duarte da Silva \u00e9 um professor brasileiro de l\u00edngua portuguesa. \u00c9 formado em Letras pela Universidade Federal do Rio Grande do Sul (UFRGS), com mestrado em l\u00edngua portuguesa pela Pontif\u00edcia Universidade Cat\u00f3lica do Rio de Janeiro (PUC-Rio), e tem mais de 30 anos de experi\u00eancia em sala de aula.\" \/>\n<meta property=\"og:url\" content=\"https:\/\/www.em2producoes.com.br\/site\/casting\/prof-sergio-nogueira\/\" \/>\n<meta property=\"og:site_name\" content=\"EM2 Produ\u00e7\u00f5es\" \/>\n<meta property=\"article:publisher\" content=\"https:\/\/www.facebook.com\/em2producoes\/\" \/>\n<meta property=\"og:image\" content=\"https:\/\/www.em2producoes.com.br\/site\/wp-content\/uploads\/2019\/01\/sergio-nogueira.jpg\" \/>\n\t<meta property=\"og:image:width\" content=\"300\" \/>\n\t<meta property=\"og:image:height\" content=\"300\" \/>\n\t<meta property=\"og:image:type\" content=\"image\/jpeg\" \/>\n<meta name=\"twitter:card\" content=\"summary_large_image\" \/>\n<script type=\"application\/ld+json\" class=\"yoast-schema-graph\">{\"@context\":\"https:\/\/schema.org\",\"@graph\":[{\"@type\":\"WebPage\",\"@id\":\"https:\/\/www.em2producoes.com.br\/site\/casting\/prof-sergio-nogueira\/\",\"url\":\"https:\/\/www.em2producoes.com.br\/site\/casting\/prof-sergio-nogueira\/\",\"name\":\"Prof. S\u00e9rgio Nogueira - EM2 Produ\u00e7\u00f5es\",\"isPartOf\":{\"@id\":\"https:\/\/www.em2producoes.com.br\/site\/#website\"},\"datePublished\":\"2019-01-17T18:47:49+00:00\",\"dateModified\":\"2019-01-17T18:47:49+00:00\",\"breadcrumb\":{\"@id\":\"https:\/\/www.em2producoes.com.br\/site\/casting\/prof-sergio-nogueira\/#breadcrumb\"},\"inLanguage\":\"pt-BR\",\"potentialAction\":[{\"@type\":\"ReadAction\",\"target\":[\"https:\/\/www.em2producoes.com.br\/site\/casting\/prof-sergio-nogueira\/\"]}]},{\"@type\":\"BreadcrumbList\",\"@id\":\"https:\/\/www.em2producoes.com.br\/site\/casting\/prof-sergio-nogueira\/#breadcrumb\",\"itemListElement\":[{\"@type\":\"ListItem\",\"position\":1,\"name\":\"In\u00edcio\",\"item\":\"https:\/\/www.em2producoes.com.br\/site\/\"},{\"@type\":\"ListItem\",\"position\":2,\"name\":\"Casting\",\"item\":\"https:\/\/www.em2producoes.com.br\/site\/casting\/\"},{\"@type\":\"ListItem\",\"position\":3,\"name\":\"Prof. S\u00e9rgio Nogueira\"}]},{\"@type\":\"WebSite\",\"@id\":\"https:\/\/www.em2producoes.com.br\/site\/#website\",\"url\":\"https:\/\/www.em2producoes.com.br\/site\/\",\"name\":\"EM2 Produ\u00e7\u00f5es\",\"description\":\"Ativando &amp; Conectando Marcas e Talentos\",\"publisher\":{\"@id\":\"https:\/\/www.em2producoes.com.br\/site\/#organization\"},\"potentialAction\":[{\"@type\":\"SearchAction\",\"target\":{\"@type\":\"EntryPoint\",\"urlTemplate\":\"https:\/\/www.em2producoes.com.br\/site\/?s={search_term_string}\"},\"query-input\":\"required name=search_term_string\"}],\"inLanguage\":\"pt-BR\"},{\"@type\":\"Organization\",\"@id\":\"https:\/\/www.em2producoes.com.br\/site\/#organization\",\"name\":\"EM2 Produ\u00e7\u00f5es\",\"url\":\"https:\/\/www.em2producoes.com.br\/site\/\",\"sameAs\":[\"https:\/\/www.instagram.com\/em2producoes\/\",\"https:\/\/www.youtube.com\/channel\/UCGLxUPhqHfr6zp3izS5GdWg\",\"https:\/\/www.facebook.com\/em2producoes\/\"],\"logo\":{\"@type\":\"ImageObject\",\"inLanguage\":\"pt-BR\",\"@id\":\"https:\/\/www.em2producoes.com.br\/site\/#\/schema\/logo\/image\/\",\"url\":\"http:\/\/www.em2producoes.com.br\/site\/wp-content\/uploads\/2021\/05\/logotipo-big.jpg\",\"contentUrl\":\"http:\/\/www.em2producoes.com.br\/site\/wp-content\/uploads\/2021\/05\/logotipo-big.jpg\",\"width\":710,\"height\":310,\"caption\":\"EM2 Produ\u00e7\u00f5es\"},\"image\":{\"@id\":\"https:\/\/www.em2producoes.com.br\/site\/#\/schema\/logo\/image\/\"}}]}<\/script>\n<!-- \/ Yoast SEO plugin. -->","yoast_head_json":{"title":"Prof. S\u00e9rgio Nogueira - EM2 Produ\u00e7\u00f5es","robots":{"index":"index","follow":"follow","max-snippet":"max-snippet:-1","max-image-preview":"max-image-preview:large","max-video-preview":"max-video-preview:-1"},"canonical":"https:\/\/www.em2producoes.com.br\/site\/casting\/prof-sergio-nogueira\/","og_locale":"pt_BR","og_type":"article","og_title":"Prof. S\u00e9rgio Nogueira - EM2 Produ\u00e7\u00f5es","og_description":"S\u00e9rgio Nogueira Duarte da Silva \u00e9 um professor brasileiro de l\u00edngua portuguesa. \u00c9 formado em Letras pela Universidade Federal do Rio Grande do Sul (UFRGS), com mestrado em l\u00edngua portuguesa pela Pontif\u00edcia Universidade Cat\u00f3lica do Rio de Janeiro (PUC-Rio), e tem mais de 30 anos de experi\u00eancia em sala de aula.","og_url":"https:\/\/www.em2producoes.com.br\/site\/casting\/prof-sergio-nogueira\/","og_site_name":"EM2 Produ\u00e7\u00f5es","article_publisher":"https:\/\/www.facebook.com\/em2producoes\/","og_image":[{"width":300,"height":300,"url":"https:\/\/www.em2producoes.com.br\/site\/wp-content\/uploads\/2019\/01\/sergio-nogueira.jpg","type":"image\/jpeg"}],"twitter_card":"summary_large_image","schema":{"@context":"https:\/\/schema.org","@graph":[{"@type":"WebPage","@id":"https:\/\/www.em2producoes.com.br\/site\/casting\/prof-sergio-nogueira\/","url":"https:\/\/www.em2producoes.com.br\/site\/casting\/prof-sergio-nogueira\/","name":"Prof. S\u00e9rgio Nogueira - EM2 Produ\u00e7\u00f5es","isPartOf":{"@id":"https:\/\/www.em2producoes.com.br\/site\/#website"},"datePublished":"2019-01-17T18:47:49+00:00","dateModified":"2019-01-17T18:47:49+00:00","breadcrumb":{"@id":"https:\/\/www.em2producoes.com.br\/site\/casting\/prof-sergio-nogueira\/#breadcrumb"},"inLanguage":"pt-BR","potentialAction":[{"@type":"ReadAction","target":["https:\/\/www.em2producoes.com.br\/site\/casting\/prof-sergio-nogueira\/"]}]},{"@type":"BreadcrumbList","@id":"https:\/\/www.em2producoes.com.br\/site\/casting\/prof-sergio-nogueira\/#breadcrumb","itemListElement":[{"@type":"ListItem","position":1,"name":"In\u00edcio","item":"https:\/\/www.em2producoes.com.br\/site\/"},{"@type":"ListItem","position":2,"name":"Casting","item":"https:\/\/www.em2producoes.com.br\/site\/casting\/"},{"@type":"ListItem","position":3,"name":"Prof. S\u00e9rgio Nogueira"}]},{"@type":"WebSite","@id":"https:\/\/www.em2producoes.com.br\/site\/#website","url":"https:\/\/www.em2producoes.com.br\/site\/","name":"EM2 Produ\u00e7\u00f5es","description":"Ativando &amp; Conectando Marcas e Talentos","publisher":{"@id":"https:\/\/www.em2producoes.com.br\/site\/#organization"},"potentialAction":[{"@type":"SearchAction","target":{"@type":"EntryPoint","urlTemplate":"https:\/\/www.em2producoes.com.br\/site\/?s={search_term_string}"},"query-input":"required name=search_term_string"}],"inLanguage":"pt-BR"},{"@type":"Organization","@id":"https:\/\/www.em2producoes.com.br\/site\/#organization","name":"EM2 Produ\u00e7\u00f5es","url":"https:\/\/www.em2producoes.com.br\/site\/","sameAs":["https:\/\/www.instagram.com\/em2producoes\/","https:\/\/www.youtube.com\/channel\/UCGLxUPhqHfr6zp3izS5GdWg","https:\/\/www.facebook.com\/em2producoes\/"],"logo":{"@type":"ImageObject","inLanguage":"pt-BR","@id":"https:\/\/www.em2producoes.com.br\/site\/#\/schema\/logo\/image\/","url":"http:\/\/www.em2producoes.com.br\/site\/wp-content\/uploads\/2021\/05\/logotipo-big.jpg","contentUrl":"http:\/\/www.em2producoes.com.br\/site\/wp-content\/uploads\/2021\/05\/logotipo-big.jpg","width":710,"height":310,"caption":"EM2 Produ\u00e7\u00f5es"},"image":{"@id":"https:\/\/www.em2producoes.com.br\/site\/#\/schema\/logo\/image\/"}}]}},"_links":{"self":[{"href":"https:\/\/www.em2producoes.com.br\/site\/wp-json\/wp\/v2\/casting\/1264"}],"collection":[{"href":"https:\/\/www.em2producoes.com.br\/site\/wp-json\/wp\/v2\/casting"}],"about":[{"href":"https:\/\/www.em2producoes.com.br\/site\/wp-json\/wp\/v2\/types\/casting"}],"author":[{"embeddable":true,"href":"https:\/\/www.em2producoes.com.br\/site\/wp-json\/wp\/v2\/users\/2"}],"version-history":[{"count":0,"href":"https:\/\/www.em2producoes.com.br\/site\/wp-json\/wp\/v2\/casting\/1264\/revisions"}],"wp:featuredmedia":[{"embeddable":true,"href":"https:\/\/www.em2producoes.com.br\/site\/wp-json\/wp\/v2\/media\/1265"}],"wp:attachment":[{"href":"https:\/\/www.em2producoes.com.br\/site\/wp-json\/wp\/v2\/media?parent=1264"}],"wp:term":[{"taxonomy":"cat_casting","embeddable":true,"href":"https:\/\/www.em2producoes.com.br\/site\/wp-json\/wp\/v2\/cat_casting?post=1264"}],"curies":[{"name":"wp","href":"https:\/\/api.w.org\/{rel}","templated":true}]}}