{"id":882,"date":"2019-01-08T12:03:56","date_gmt":"2019-01-08T14:03:56","guid":{"rendered":"http:\/\/em2producoes.com.br\/novo\/wordpress\/?post_type=casting&amp;p=882"},"modified":"2019-01-08T12:03:56","modified_gmt":"2019-01-08T14:03:56","slug":"jose-luiz-tejon","status":"publish","type":"casting","link":"https:\/\/www.em2producoes.com.br\/site\/casting\/jose-luiz-tejon\/","title":{"rendered":"Jos\u00e9 Luiz Tejon"},"content":{"rendered":"<p>Diversas vezes premiado com o top de Marketing da ADVB e como profissional do ano. Recebeu o Trof\u00e9u Great Key Speaker pela Olmix, na Fran\u00e7a. \u00c9 integrante do Hall da Fama pela Academia Brasileira de Marketing e obteve o pr\u00eamio Destaque Imprensa pela AEASP em 2016. Alcan\u00e7ou o pr\u00eamio m\u00e1ximo na categoria de professor conferencista no Brasil, sendo eleito \u201cTop Of Mind\u201d pelo pr\u00eamio Estad\u00e3o de RH. Eleito pela Revista Isto \u00c9 Dinheiro Rural uma das 100 personalidades mais influentes do agribusiness. Homenageado pela Massey Ferguson como destaque no agrojornalismo brasileiro 2017.<\/p>\n","protected":false},"excerpt":{"rendered":"<p>Jos\u00e9 Luiz Tejon Megido \u00e9 mestre em Educa\u00e7\u00e3o Arte e Hist\u00f3ria da Cultura pelo Mackenzie, Doutor em Educa\u00e7\u00e3o pela UDE\/Uruguai; Jornalista e publicit\u00e1rio formado pela Casper L\u00edbero. Administrador com \u00eanfase em marketing, com especializa\u00e7\u00f5es na Pace University\/EUA, Harvard\/EUA, e MIT\/EUA. Em lideran\u00e7a tem especializa\u00e7\u00e3o no INSEAD\/Fran\u00e7a.<\/p>\n","protected":false},"author":2,"featured_media":883,"template":"","cat_casting":[94,95,81,82,74,96,63,84,64,85],"acf":[],"yoast_head":"<!-- This site is optimized with the Yoast SEO plugin v19.6.1 - https:\/\/yoast.com\/wordpress\/plugins\/seo\/ -->\n<title>Jos\u00e9 Luiz Tejon - EM2 Produ\u00e7\u00f5es<\/title>\n<meta name=\"robots\" content=\"index, follow, max-snippet:-1, max-image-preview:large, max-video-preview:-1\" \/>\n<link rel=\"canonical\" href=\"https:\/\/www.em2producoes.com.br\/site\/casting\/jose-luiz-tejon\/\" \/>\n<meta property=\"og:locale\" content=\"pt_BR\" \/>\n<meta property=\"og:type\" content=\"article\" \/>\n<meta property=\"og:title\" content=\"Jos\u00e9 Luiz Tejon - EM2 Produ\u00e7\u00f5es\" \/>\n<meta property=\"og:description\" content=\"Jos\u00e9 Luiz Tejon Megido \u00e9 mestre em Educa\u00e7\u00e3o Arte e Hist\u00f3ria da Cultura pelo Mackenzie, Doutor em Educa\u00e7\u00e3o pela UDE\/Uruguai; Jornalista e publicit\u00e1rio formado pela Casper L\u00edbero. Administrador com \u00eanfase em marketing, com especializa\u00e7\u00f5es na Pace University\/EUA, Harvard\/EUA, e MIT\/EUA. Em lideran\u00e7a tem especializa\u00e7\u00e3o no INSEAD\/Fran\u00e7a.\" \/>\n<meta property=\"og:url\" content=\"https:\/\/www.em2producoes.com.br\/site\/casting\/jose-luiz-tejon\/\" \/>\n<meta property=\"og:site_name\" content=\"EM2 Produ\u00e7\u00f5es\" \/>\n<meta property=\"article:publisher\" content=\"https:\/\/www.facebook.com\/em2producoes\/\" \/>\n<meta property=\"og:image\" content=\"https:\/\/www.em2producoes.com.br\/site\/wp-content\/uploads\/2019\/01\/Jose-luiz-tejon.jpg\" \/>\n\t<meta property=\"og:image:width\" content=\"300\" \/>\n\t<meta property=\"og:image:height\" content=\"300\" \/>\n\t<meta property=\"og:image:type\" content=\"image\/jpeg\" \/>\n<meta name=\"twitter:card\" content=\"summary_large_image\" \/>\n<script type=\"application\/ld+json\" class=\"yoast-schema-graph\">{\"@context\":\"https:\/\/schema.org\",\"@graph\":[{\"@type\":\"WebPage\",\"@id\":\"https:\/\/www.em2producoes.com.br\/site\/casting\/jose-luiz-tejon\/\",\"url\":\"https:\/\/www.em2producoes.com.br\/site\/casting\/jose-luiz-tejon\/\",\"name\":\"Jos\u00e9 Luiz Tejon - EM2 Produ\u00e7\u00f5es\",\"isPartOf\":{\"@id\":\"https:\/\/www.em2producoes.com.br\/site\/#website\"},\"datePublished\":\"2019-01-08T14:03:56+00:00\",\"dateModified\":\"2019-01-08T14:03:56+00:00\",\"breadcrumb\":{\"@id\":\"https:\/\/www.em2producoes.com.br\/site\/casting\/jose-luiz-tejon\/#breadcrumb\"},\"inLanguage\":\"pt-BR\",\"potentialAction\":[{\"@type\":\"ReadAction\",\"target\":[\"https:\/\/www.em2producoes.com.br\/site\/casting\/jose-luiz-tejon\/\"]}]},{\"@type\":\"BreadcrumbList\",\"@id\":\"https:\/\/www.em2producoes.com.br\/site\/casting\/jose-luiz-tejon\/#breadcrumb\",\"itemListElement\":[{\"@type\":\"ListItem\",\"position\":1,\"name\":\"In\u00edcio\",\"item\":\"https:\/\/www.em2producoes.com.br\/site\/\"},{\"@type\":\"ListItem\",\"position\":2,\"name\":\"Casting\",\"item\":\"https:\/\/www.em2producoes.com.br\/site\/casting\/\"},{\"@type\":\"ListItem\",\"position\":3,\"name\":\"Jos\u00e9 Luiz Tejon\"}]},{\"@type\":\"WebSite\",\"@id\":\"https:\/\/www.em2producoes.com.br\/site\/#website\",\"url\":\"https:\/\/www.em2producoes.com.br\/site\/\",\"name\":\"EM2 Produ\u00e7\u00f5es\",\"description\":\"Ativando &amp; Conectando Marcas e Talentos\",\"publisher\":{\"@id\":\"https:\/\/www.em2producoes.com.br\/site\/#organization\"},\"potentialAction\":[{\"@type\":\"SearchAction\",\"target\":{\"@type\":\"EntryPoint\",\"urlTemplate\":\"https:\/\/www.em2producoes.com.br\/site\/?s={search_term_string}\"},\"query-input\":\"required name=search_term_string\"}],\"inLanguage\":\"pt-BR\"},{\"@type\":\"Organization\",\"@id\":\"https:\/\/www.em2producoes.com.br\/site\/#organization\",\"name\":\"EM2 Produ\u00e7\u00f5es\",\"url\":\"https:\/\/www.em2producoes.com.br\/site\/\",\"sameAs\":[\"https:\/\/www.instagram.com\/em2producoes\/\",\"https:\/\/www.youtube.com\/channel\/UCGLxUPhqHfr6zp3izS5GdWg\",\"https:\/\/www.facebook.com\/em2producoes\/\"],\"logo\":{\"@type\":\"ImageObject\",\"inLanguage\":\"pt-BR\",\"@id\":\"https:\/\/www.em2producoes.com.br\/site\/#\/schema\/logo\/image\/\",\"url\":\"http:\/\/www.em2producoes.com.br\/site\/wp-content\/uploads\/2021\/05\/logotipo-big.jpg\",\"contentUrl\":\"http:\/\/www.em2producoes.com.br\/site\/wp-content\/uploads\/2021\/05\/logotipo-big.jpg\",\"width\":710,\"height\":310,\"caption\":\"EM2 Produ\u00e7\u00f5es\"},\"image\":{\"@id\":\"https:\/\/www.em2producoes.com.br\/site\/#\/schema\/logo\/image\/\"}}]}<\/script>\n<!-- \/ Yoast SEO plugin. -->","yoast_head_json":{"title":"Jos\u00e9 Luiz Tejon - EM2 Produ\u00e7\u00f5es","robots":{"index":"index","follow":"follow","max-snippet":"max-snippet:-1","max-image-preview":"max-image-preview:large","max-video-preview":"max-video-preview:-1"},"canonical":"https:\/\/www.em2producoes.com.br\/site\/casting\/jose-luiz-tejon\/","og_locale":"pt_BR","og_type":"article","og_title":"Jos\u00e9 Luiz Tejon - EM2 Produ\u00e7\u00f5es","og_description":"Jos\u00e9 Luiz Tejon Megido \u00e9 mestre em Educa\u00e7\u00e3o Arte e Hist\u00f3ria da Cultura pelo Mackenzie, Doutor em Educa\u00e7\u00e3o pela UDE\/Uruguai; Jornalista e publicit\u00e1rio formado pela Casper L\u00edbero. Administrador com \u00eanfase em marketing, com especializa\u00e7\u00f5es na Pace University\/EUA, Harvard\/EUA, e MIT\/EUA. Em lideran\u00e7a tem especializa\u00e7\u00e3o no INSEAD\/Fran\u00e7a.","og_url":"https:\/\/www.em2producoes.com.br\/site\/casting\/jose-luiz-tejon\/","og_site_name":"EM2 Produ\u00e7\u00f5es","article_publisher":"https:\/\/www.facebook.com\/em2producoes\/","og_image":[{"width":300,"height":300,"url":"https:\/\/www.em2producoes.com.br\/site\/wp-content\/uploads\/2019\/01\/Jose-luiz-tejon.jpg","type":"image\/jpeg"}],"twitter_card":"summary_large_image","schema":{"@context":"https:\/\/schema.org","@graph":[{"@type":"WebPage","@id":"https:\/\/www.em2producoes.com.br\/site\/casting\/jose-luiz-tejon\/","url":"https:\/\/www.em2producoes.com.br\/site\/casting\/jose-luiz-tejon\/","name":"Jos\u00e9 Luiz Tejon - EM2 Produ\u00e7\u00f5es","isPartOf":{"@id":"https:\/\/www.em2producoes.com.br\/site\/#website"},"datePublished":"2019-01-08T14:03:56+00:00","dateModified":"2019-01-08T14:03:56+00:00","breadcrumb":{"@id":"https:\/\/www.em2producoes.com.br\/site\/casting\/jose-luiz-tejon\/#breadcrumb"},"inLanguage":"pt-BR","potentialAction":[{"@type":"ReadAction","target":["https:\/\/www.em2producoes.com.br\/site\/casting\/jose-luiz-tejon\/"]}]},{"@type":"BreadcrumbList","@id":"https:\/\/www.em2producoes.com.br\/site\/casting\/jose-luiz-tejon\/#breadcrumb","itemListElement":[{"@type":"ListItem","position":1,"name":"In\u00edcio","item":"https:\/\/www.em2producoes.com.br\/site\/"},{"@type":"ListItem","position":2,"name":"Casting","item":"https:\/\/www.em2producoes.com.br\/site\/casting\/"},{"@type":"ListItem","position":3,"name":"Jos\u00e9 Luiz Tejon"}]},{"@type":"WebSite","@id":"https:\/\/www.em2producoes.com.br\/site\/#website","url":"https:\/\/www.em2producoes.com.br\/site\/","name":"EM2 Produ\u00e7\u00f5es","description":"Ativando &amp; Conectando Marcas e Talentos","publisher":{"@id":"https:\/\/www.em2producoes.com.br\/site\/#organization"},"potentialAction":[{"@type":"SearchAction","target":{"@type":"EntryPoint","urlTemplate":"https:\/\/www.em2producoes.com.br\/site\/?s={search_term_string}"},"query-input":"required name=search_term_string"}],"inLanguage":"pt-BR"},{"@type":"Organization","@id":"https:\/\/www.em2producoes.com.br\/site\/#organization","name":"EM2 Produ\u00e7\u00f5es","url":"https:\/\/www.em2producoes.com.br\/site\/","sameAs":["https:\/\/www.instagram.com\/em2producoes\/","https:\/\/www.youtube.com\/channel\/UCGLxUPhqHfr6zp3izS5GdWg","https:\/\/www.facebook.com\/em2producoes\/"],"logo":{"@type":"ImageObject","inLanguage":"pt-BR","@id":"https:\/\/www.em2producoes.com.br\/site\/#\/schema\/logo\/image\/","url":"http:\/\/www.em2producoes.com.br\/site\/wp-content\/uploads\/2021\/05\/logotipo-big.jpg","contentUrl":"http:\/\/www.em2producoes.com.br\/site\/wp-content\/uploads\/2021\/05\/logotipo-big.jpg","width":710,"height":310,"caption":"EM2 Produ\u00e7\u00f5es"},"image":{"@id":"https:\/\/www.em2producoes.com.br\/site\/#\/schema\/logo\/image\/"}}]}},"_links":{"self":[{"href":"https:\/\/www.em2producoes.com.br\/site\/wp-json\/wp\/v2\/casting\/882"}],"collection":[{"href":"https:\/\/www.em2producoes.com.br\/site\/wp-json\/wp\/v2\/casting"}],"about":[{"href":"https:\/\/www.em2producoes.com.br\/site\/wp-json\/wp\/v2\/types\/casting"}],"author":[{"embeddable":true,"href":"https:\/\/www.em2producoes.com.br\/site\/wp-json\/wp\/v2\/users\/2"}],"version-history":[{"count":0,"href":"https:\/\/www.em2producoes.com.br\/site\/wp-json\/wp\/v2\/casting\/882\/revisions"}],"wp:featuredmedia":[{"embeddable":true,"href":"https:\/\/www.em2producoes.com.br\/site\/wp-json\/wp\/v2\/media\/883"}],"wp:attachment":[{"href":"https:\/\/www.em2producoes.com.br\/site\/wp-json\/wp\/v2\/media?parent=882"}],"wp:term":[{"taxonomy":"cat_casting","embeddable":true,"href":"https:\/\/www.em2producoes.com.br\/site\/wp-json\/wp\/v2\/cat_casting?post=882"}],"curies":[{"name":"wp","href":"https:\/\/api.w.org\/{rel}","templated":true}]}}